{"id":3292,"date":"2025-11-17T16:24:47","date_gmt":"2025-11-17T20:24:47","guid":{"rendered":"https:\/\/anmpe.cl\/?page_id=3292"},"modified":"2025-11-18T06:54:21","modified_gmt":"2025-11-18T10:54:21","slug":"directiva-anmpe-2025-2027","status":"publish","type":"page","link":"https:\/\/anmpe.cl\/index.php\/directiva-anmpe-2025-2027\/","title":{"rendered":"Directiva ANMPE 2025-2027"},"content":{"rendered":"<style>.kb-row-layout-id3292_e5ce9f-54 > .kt-row-column-wrap{align-content:start;}:where(.kb-row-layout-id3292_e5ce9f-54 > .kt-row-column-wrap) > .wp-block-kadence-column{justify-content:start;}.kb-row-layout-id3292_e5ce9f-54 > .kt-row-column-wrap{column-gap:var(--global-kb-gap-md, 2rem);row-gap:var(--global-kb-gap-md, 2rem);padding-top:var(--global-kb-spacing-sm, 1.5rem);padding-bottom:var(--global-kb-spacing-sm, 1.5rem);grid-template-columns:minmax(0, 1fr);}.kb-row-layout-id3292_e5ce9f-54 > .kt-row-layout-overlay{opacity:0.30;}@media all and (max-width: 1024px){.kb-row-layout-id3292_e5ce9f-54 > .kt-row-column-wrap{grid-template-columns:minmax(0, 1fr);}}@media all and (max-width: 767px){.kb-row-layout-id3292_e5ce9f-54 > .kt-row-column-wrap{grid-template-columns:minmax(0, 1fr);}}<\/style><div class=\"kb-row-layout-wrap kb-row-layout-id3292_e5ce9f-54 alignnone wp-block-kadence-rowlayout\"><div class=\"kt-row-column-wrap kt-has-1-columns kt-row-layout-equal kt-tab-layout-inherit kt-mobile-layout-row kt-row-valign-top\">\n<style>.kadence-column3292_b5ffdc-77 > .kt-inside-inner-col,.kadence-column3292_b5ffdc-77 > .kt-inside-inner-col:before{border-top-left-radius:0px;border-top-right-radius:0px;border-bottom-right-radius:0px;border-bottom-left-radius:0px;}.kadence-column3292_b5ffdc-77 > .kt-inside-inner-col{column-gap:var(--global-kb-gap-sm, 1rem);}.kadence-column3292_b5ffdc-77 > .kt-inside-inner-col{flex-direction:column;}.kadence-column3292_b5ffdc-77 > .kt-inside-inner-col > .aligncenter{width:100%;}.kadence-column3292_b5ffdc-77 > .kt-inside-inner-col:before{opacity:0.3;}.kadence-column3292_b5ffdc-77{position:relative;}@media all and (max-width: 1024px){.kadence-column3292_b5ffdc-77 > .kt-inside-inner-col{flex-direction:column;justify-content:center;}}@media all and (max-width: 767px){.kadence-column3292_b5ffdc-77 > .kt-inside-inner-col{flex-direction:column;justify-content:center;}}<\/style>\n<div class=\"wp-block-kadence-column kadence-column3292_b5ffdc-77\"><div class=\"kt-inside-inner-col\">\n<p><strong>El directorio de la Asociaci\u00f3n Nacional de Mujeres Periodistas (ANMPE) asumi\u00f3 sus funciones en octubre de 2025 y su mandato se extender\u00e1 hasta septiembre de 2027.<br><br>La mesa directiva est\u00e1 formada por:<\/strong><\/p>\n\n\n\n<ul class=\"wp-block-list\">\n<li>Mar\u00eda Teresa C\u00e1rdenas Maturana, Presidenta<\/li>\n\n\n\n<li>Alejandra Sep\u00falveda N\u00fa\u00f1ez, Secretaria General&nbsp;<\/li>\n\n\n\n<li>Macarena Cifuentes Bianchi , Vicepresidenta<\/li>\n\n\n\n<li>Maritza Blanco Vidal, Tesorera<\/li>\n\n\n\n<li>Carola Zu\u00f1iga, Directora Relaciones Internaciones<\/li>\n\n\n\n<li>Sandra Zeballos G\u00f3mez, Directora<\/li>\n\n\n\n<li>Catalina Palma Moraga, Directora<\/li>\n\n\n\n<li>Lorena Talma Meneses, Directora<\/li>\n\n\n\n<li>Pamela Morales Atala, Directora<\/li>\n\n\n\n<li>Constanza T\u00e9llez Rom\u00e1n, Directora<\/li>\n<\/ul>\n<\/div><\/div>\n\n<\/div><\/div>\n\n\n<hr class=\"wp-block-separator has-alpha-channel-opacity\"\/>\n\n\n<style>.kb-row-layout-id3292_ab1437-ad > .kt-row-column-wrap{align-content:start;}:where(.kb-row-layout-id3292_ab1437-ad > .kt-row-column-wrap) > .wp-block-kadence-column{justify-content:start;}.kb-row-layout-id3292_ab1437-ad > .kt-row-column-wrap{column-gap:var(--global-kb-gap-md, 2rem);row-gap:var(--global-kb-gap-md, 2rem);padding-top:var(--global-kb-spacing-sm, 1.5rem);padding-bottom:var(--global-kb-spacing-sm, 1.5rem);grid-template-columns:minmax(0, 1fr);}.kb-row-layout-id3292_ab1437-ad > .kt-row-layout-overlay{opacity:0.30;}@media all and (max-width: 1024px){.kb-row-layout-id3292_ab1437-ad > .kt-row-column-wrap{grid-template-columns:minmax(0, 1fr);}}@media all and (max-width: 767px){.kb-row-layout-id3292_ab1437-ad > .kt-row-column-wrap{grid-template-columns:minmax(0, 1fr);}}<\/style><div class=\"kb-row-layout-wrap kb-row-layout-id3292_ab1437-ad alignnone wp-block-kadence-rowlayout\"><div class=\"kt-row-column-wrap kt-has-1-columns kt-row-layout-equal kt-tab-layout-inherit kt-mobile-layout-row kt-row-valign-top\">\n<style>.kadence-column3292_b581c2-e3 > .kt-inside-inner-col,.kadence-column3292_b581c2-e3 > .kt-inside-inner-col:before{border-top-left-radius:0px;border-top-right-radius:0px;border-bottom-right-radius:0px;border-bottom-left-radius:0px;}.kadence-column3292_b581c2-e3 > .kt-inside-inner-col{column-gap:var(--global-kb-gap-sm, 1rem);}.kadence-column3292_b581c2-e3 > .kt-inside-inner-col{flex-direction:column;}.kadence-column3292_b581c2-e3 > .kt-inside-inner-col > .aligncenter{width:100%;}.kadence-column3292_b581c2-e3 > .kt-inside-inner-col:before{opacity:0.3;}.kadence-column3292_b581c2-e3{position:relative;}@media all and (max-width: 1024px){.kadence-column3292_b581c2-e3 > .kt-inside-inner-col{flex-direction:column;justify-content:center;}}@media all and (max-width: 767px){.kadence-column3292_b581c2-e3 > .kt-inside-inner-col{flex-direction:column;justify-content:center;}}<\/style>\n<div class=\"wp-block-kadence-column kadence-column3292_b581c2-e3\"><div class=\"kt-inside-inner-col\">        <div class=\"gpd-grid\">\n                <div class=\"gpd-card\" data-modal-id=\"gpd-modal-3329\">\n            <div class=\"gpd-card-image\"><img loading=\"lazy\" decoding=\"async\" width=\"1024\" height=\"1024\" src=\"https:\/\/anmpe.cl\/wp-content\/uploads\/2025\/11\/amp_01.png\" class=\"attachment-large size-large wp-post-image\" alt=\"\" srcset=\"https:\/\/anmpe.cl\/wp-content\/uploads\/2025\/11\/amp_01.png 1024w, https:\/\/anmpe.cl\/wp-content\/uploads\/2025\/11\/amp_01-300x300.png 300w, https:\/\/anmpe.cl\/wp-content\/uploads\/2025\/11\/amp_01-150x150.png 150w, https:\/\/anmpe.cl\/wp-content\/uploads\/2025\/11\/amp_01-768x768.png 768w\" sizes=\"auto, (max-width: 1024px) 100vw, 1024px\" \/><\/div>\n            <div class=\"gpd-card-caption\">Mar\u00eda Teresa C\u00e1rdenas Maturana<\/div>\n        <\/div>\n        <div id=\"gpd-modal-3329\" class=\"gpd-modal\">\n            <div class=\"gpd-modal-content\">\n                <button class=\"gpd-modal-close\">&times;<\/button>\n                <div class=\"gpd-modal-inner\">\n                    <div class=\"gpd-modal-photo\"><img loading=\"lazy\" decoding=\"async\" width=\"1024\" height=\"1024\" src=\"https:\/\/anmpe.cl\/wp-content\/uploads\/2025\/11\/amp_01.png\" class=\"attachment-large size-large wp-post-image\" alt=\"\" srcset=\"https:\/\/anmpe.cl\/wp-content\/uploads\/2025\/11\/amp_01.png 1024w, https:\/\/anmpe.cl\/wp-content\/uploads\/2025\/11\/amp_01-300x300.png 300w, https:\/\/anmpe.cl\/wp-content\/uploads\/2025\/11\/amp_01-150x150.png 150w, https:\/\/anmpe.cl\/wp-content\/uploads\/2025\/11\/amp_01-768x768.png 768w\" sizes=\"auto, (max-width: 1024px) 100vw, 1024px\" \/><\/div>\n                    <div class=\"gpd-modal-text\">\n\n                        <h2 class=\"gpd-modal-title\">Mar\u00eda Teresa C\u00e1rdenas Maturana<\/h2>\n                        <div class=\"gpd-modal-body\"><style>.kb-row-layout-id3329_bc966b-b8 > .kt-row-column-wrap{align-content:start;}:where(.kb-row-layout-id3329_bc966b-b8 > .kt-row-column-wrap) > .wp-block-kadence-column{justify-content:start;}.kb-row-layout-id3329_bc966b-b8 > .kt-row-column-wrap{column-gap:var(--global-kb-gap-md, 2rem);row-gap:var(--global-kb-gap-md, 2rem);padding-top:var(--global-kb-spacing-sm, 1.5rem);padding-bottom:var(--global-kb-spacing-sm, 1.5rem);grid-template-columns:minmax(0, 1fr);}.kb-row-layout-id3329_bc966b-b8{border-top-left-radius:30px;border-top-right-radius:30px;border-bottom-right-radius:30px;border-bottom-left-radius:30px;overflow:clip;isolation:isolate;}.kb-row-layout-id3329_bc966b-b8 > .kt-row-layout-overlay{border-top-left-radius:30px;border-top-right-radius:30px;border-bottom-right-radius:30px;border-bottom-left-radius:30px;}.kb-row-layout-id3329_bc966b-b8{box-shadow:0px 0px 14px 0px rgba(0, 0, 0, 0.2);}.kb-row-layout-id3329_bc966b-b8{background-color:#817f7f;}.kb-row-layout-id3329_bc966b-b8 > .kt-row-layout-overlay{opacity:0.30;}@media all and (max-width: 1024px){.kb-row-layout-id3329_bc966b-b8 > .kt-row-column-wrap{grid-template-columns:minmax(0, 1fr);}}@media all and (max-width: 767px){.kb-row-layout-id3329_bc966b-b8 > .kt-row-column-wrap{grid-template-columns:minmax(0, 1fr);}}<\/style><div class=\"kb-row-layout-wrap kb-row-layout-id3329_bc966b-b8 alignnone kt-row-has-bg wp-block-kadence-rowlayout\"><div class=\"kt-row-column-wrap kt-has-1-columns kt-row-layout-equal kt-tab-layout-inherit kt-mobile-layout-row kt-row-valign-top\">\n<style>.kadence-column3329_eeb631-09 > .kt-inside-inner-col,.kadence-column3329_eeb631-09 > .kt-inside-inner-col:before{border-top-left-radius:0px;border-top-right-radius:0px;border-bottom-right-radius:0px;border-bottom-left-radius:0px;}.kadence-column3329_eeb631-09 > .kt-inside-inner-col{column-gap:var(--global-kb-gap-sm, 1rem);}.kadence-column3329_eeb631-09 > .kt-inside-inner-col{flex-direction:column;}.kadence-column3329_eeb631-09 > .kt-inside-inner-col > .aligncenter{width:100%;}.kadence-column3329_eeb631-09 > .kt-inside-inner-col:before{opacity:0.3;}.kadence-column3329_eeb631-09{position:relative;}@media all and (max-width: 1024px){.kadence-column3329_eeb631-09 > .kt-inside-inner-col{flex-direction:column;justify-content:center;}}@media all and (max-width: 767px){.kadence-column3329_eeb631-09 > .kt-inside-inner-col{flex-direction:column;justify-content:center;}}<\/style>\n<div class=\"wp-block-kadence-column kadence-column3329_eeb631-09\"><div class=\"kt-inside-inner-col\">\n<p><strong>Presidenta<\/strong><\/p>\n\n\n\n<p>Es periodista&nbsp;de&nbsp;la Universidad de Chile. Editora de Cultura y columnista del cuerpo Artes y Letras de El Mercurio.&nbsp;<\/p>\n\n\n\n<p>Fundadora y presidenta de la Fundaci\u00f3n Arbolee; miembro correspondiente de la Academia Chilena de la Lengua, e integrante del directorio del C\u00edrculo de Cr\u00edticos de Arte de Chile y&nbsp;de la Fundaci\u00f3n Alberto Blest Gana.<\/p>\n\n\n\n<p>Desde su ingreso al diario El Mercurio se ha especializado en&nbsp;libros&nbsp;y escritores.&nbsp;Gestora y editora&nbsp;de \u201cAs\u00ed habl\u00f3 Parra en El Mercurio\u201d,&nbsp;\u201cCosecha de invierno\u201d (columnas de&nbsp;Guillermo Blanco) y de los&nbsp;libros de Hern\u00e1n Vald\u00e9s&nbsp;\u201cReuni\u00f3n de versos. 1964-&nbsp;2018\u201d,&nbsp;\u201cA partir del fin\u201d&nbsp;y \u201cFantasmas literarios\u201d.&nbsp;<\/p>\n\n\n\n<p>Autora de \u201cA tintero vuelto\u201d,&nbsp;entrevistas&nbsp;a 21 escritores, y coautora de \u00abMaestras\u00bb, entrevistas a diez mujeres reconocidas con el Premio Nacional en distintas disciplinas.<\/p>\n\n\n\n<p>Fue reconocida con el premio Alejandro Silva de la Fuente&nbsp;2016 de&nbsp;la&nbsp;Academia Chilena&nbsp;de la Lengua, por&nbsp;el buen uso del idioma en el periodismo.<\/p>\n<\/div><\/div>\n\n<\/div><\/div><\/div>\n                    <\/div>\n                <\/div>\n            <\/div>\n        <\/div>\n                <div class=\"gpd-card\" data-modal-id=\"gpd-modal-3328\">\n            <div class=\"gpd-card-image\"><img loading=\"lazy\" decoding=\"async\" width=\"1024\" height=\"1024\" src=\"https:\/\/anmpe.cl\/wp-content\/uploads\/2025\/11\/ANMPE2025-2027_01.png\" class=\"attachment-large size-large wp-post-image\" alt=\"\" srcset=\"https:\/\/anmpe.cl\/wp-content\/uploads\/2025\/11\/ANMPE2025-2027_01.png 1024w, https:\/\/anmpe.cl\/wp-content\/uploads\/2025\/11\/ANMPE2025-2027_01-300x300.png 300w, https:\/\/anmpe.cl\/wp-content\/uploads\/2025\/11\/ANMPE2025-2027_01-150x150.png 150w, https:\/\/anmpe.cl\/wp-content\/uploads\/2025\/11\/ANMPE2025-2027_01-768x768.png 768w\" sizes=\"auto, (max-width: 1024px) 100vw, 1024px\" \/><\/div>\n            <div class=\"gpd-card-caption\">Alejandra Sep\u00falveda N\u00fa\u00f1ez<\/div>\n        <\/div>\n        <div id=\"gpd-modal-3328\" class=\"gpd-modal\">\n            <div class=\"gpd-modal-content\">\n                <button class=\"gpd-modal-close\">&times;<\/button>\n                <div class=\"gpd-modal-inner\">\n                    <div class=\"gpd-modal-photo\"><img loading=\"lazy\" decoding=\"async\" width=\"1024\" height=\"1024\" src=\"https:\/\/anmpe.cl\/wp-content\/uploads\/2025\/11\/ANMPE2025-2027_01.png\" class=\"attachment-large size-large wp-post-image\" alt=\"\" srcset=\"https:\/\/anmpe.cl\/wp-content\/uploads\/2025\/11\/ANMPE2025-2027_01.png 1024w, https:\/\/anmpe.cl\/wp-content\/uploads\/2025\/11\/ANMPE2025-2027_01-300x300.png 300w, https:\/\/anmpe.cl\/wp-content\/uploads\/2025\/11\/ANMPE2025-2027_01-150x150.png 150w, https:\/\/anmpe.cl\/wp-content\/uploads\/2025\/11\/ANMPE2025-2027_01-768x768.png 768w\" sizes=\"auto, (max-width: 1024px) 100vw, 1024px\" \/><\/div>\n                    <div class=\"gpd-modal-text\">\n\n                        <h2 class=\"gpd-modal-title\">Alejandra Sep\u00falveda N\u00fa\u00f1ez<\/h2>\n                        <div class=\"gpd-modal-body\"><style>.kb-row-layout-id3328_fef2ab-19 > .kt-row-column-wrap{align-content:start;}:where(.kb-row-layout-id3328_fef2ab-19 > .kt-row-column-wrap) > .wp-block-kadence-column{justify-content:start;}.kb-row-layout-id3328_fef2ab-19 > .kt-row-column-wrap{column-gap:var(--global-kb-gap-md, 2rem);row-gap:var(--global-kb-gap-md, 2rem);padding-top:var(--global-kb-spacing-sm, 1.5rem);padding-bottom:var(--global-kb-spacing-sm, 1.5rem);grid-template-columns:minmax(0, 1fr);}.kb-row-layout-id3328_fef2ab-19{border-top-left-radius:30px;border-top-right-radius:30px;border-bottom-right-radius:30px;border-bottom-left-radius:30px;overflow:clip;isolation:isolate;}.kb-row-layout-id3328_fef2ab-19 > .kt-row-layout-overlay{border-top-left-radius:30px;border-top-right-radius:30px;border-bottom-right-radius:30px;border-bottom-left-radius:30px;}.kb-row-layout-id3328_fef2ab-19{box-shadow:0px 0px 14px 0px rgba(0, 0, 0, 0.2);}.kb-row-layout-id3328_fef2ab-19{background-color:#817f7f;}.kb-row-layout-id3328_fef2ab-19 > .kt-row-layout-overlay{opacity:0.30;}@media all and (max-width: 1024px){.kb-row-layout-id3328_fef2ab-19 > .kt-row-column-wrap{grid-template-columns:minmax(0, 1fr);}}@media all and (max-width: 767px){.kb-row-layout-id3328_fef2ab-19 > .kt-row-column-wrap{grid-template-columns:minmax(0, 1fr);}}<\/style><div class=\"kb-row-layout-wrap kb-row-layout-id3328_fef2ab-19 alignnone kt-row-has-bg wp-block-kadence-rowlayout\"><div class=\"kt-row-column-wrap kt-has-1-columns kt-row-layout-equal kt-tab-layout-inherit kt-mobile-layout-row kt-row-valign-top\">\n<style>.kadence-column3328_61f9f6-ce > .kt-inside-inner-col,.kadence-column3328_61f9f6-ce > .kt-inside-inner-col:before{border-top-left-radius:0px;border-top-right-radius:0px;border-bottom-right-radius:0px;border-bottom-left-radius:0px;}.kadence-column3328_61f9f6-ce > .kt-inside-inner-col{column-gap:var(--global-kb-gap-sm, 1rem);}.kadence-column3328_61f9f6-ce > .kt-inside-inner-col{flex-direction:column;}.kadence-column3328_61f9f6-ce > .kt-inside-inner-col > .aligncenter{width:100%;}.kadence-column3328_61f9f6-ce > .kt-inside-inner-col:before{opacity:0.3;}.kadence-column3328_61f9f6-ce{position:relative;}@media all and (max-width: 1024px){.kadence-column3328_61f9f6-ce > .kt-inside-inner-col{flex-direction:column;justify-content:center;}}@media all and (max-width: 767px){.kadence-column3328_61f9f6-ce > .kt-inside-inner-col{flex-direction:column;justify-content:center;}}<\/style>\n<div class=\"wp-block-kadence-column kadence-column3328_61f9f6-ce\"><div class=\"kt-inside-inner-col\">\n<p><strong>Secretaria General<\/strong><\/p>\n\n\n\n<p>Es periodista de la Universidad Cat\u00f3lica de la Sant\u00edsima Concepci\u00f3n y M\u00e1ster en Patrimonio Internacional y Desarrollo Local en la Universidad de Barcelona (Espa\u00f1a) y Turin (Italia). En su carrera ha hecho de la comunicaci\u00f3n un puente entre las personas y sus territorios. Le apasiona transformar buenas ideas en proyectos con impacto real liderando&nbsp; iniciativas de Corfo, Sercotec, Conicyt, Previsi\u00f3n Social y el Gore O\u2019Higgins, siempre con una mirada social y creativa.<\/p>\n\n\n\n<p>Gan\u00f3 el Premio de Responsabilidad Social de Entel en 2007 con relatos de emprendedores de la regi\u00f3n de O\u00b4Higgins. Durante 17 a\u00f1os fue jefe de informaciones de Diario El Rancag\u00fcino, donde narr\u00f3 la vida local d\u00e1ndoles connotaci\u00f3n a las noticias regionales en el \u00e1mbito nacional.<\/p>\n\n\n\n<p>Actualmente trabaja en Asuntos P\u00fablicos de Codelco Divisi\u00f3n El Teniente, desde donde sigue tejiendo historias, cuidando la identidad del territorio y conectando a las comunidades con nuevas oportunidades.<\/p>\n<\/div><\/div>\n\n<\/div><\/div><\/div>\n                    <\/div>\n                <\/div>\n            <\/div>\n        <\/div>\n                <div class=\"gpd-card\" data-modal-id=\"gpd-modal-3327\">\n            <div class=\"gpd-card-image\"><img loading=\"lazy\" decoding=\"async\" width=\"1024\" height=\"1024\" src=\"https:\/\/anmpe.cl\/wp-content\/uploads\/2025\/11\/ANMPE2025-2027_02.png\" class=\"attachment-large size-large wp-post-image\" alt=\"\" srcset=\"https:\/\/anmpe.cl\/wp-content\/uploads\/2025\/11\/ANMPE2025-2027_02.png 1024w, https:\/\/anmpe.cl\/wp-content\/uploads\/2025\/11\/ANMPE2025-2027_02-300x300.png 300w, https:\/\/anmpe.cl\/wp-content\/uploads\/2025\/11\/ANMPE2025-2027_02-150x150.png 150w, https:\/\/anmpe.cl\/wp-content\/uploads\/2025\/11\/ANMPE2025-2027_02-768x768.png 768w\" sizes=\"auto, (max-width: 1024px) 100vw, 1024px\" \/><\/div>\n            <div class=\"gpd-card-caption\">Macarena Cifuentes Bianchi<\/div>\n        <\/div>\n        <div id=\"gpd-modal-3327\" class=\"gpd-modal\">\n            <div class=\"gpd-modal-content\">\n                <button class=\"gpd-modal-close\">&times;<\/button>\n                <div class=\"gpd-modal-inner\">\n                    <div class=\"gpd-modal-photo\"><img loading=\"lazy\" decoding=\"async\" width=\"1024\" height=\"1024\" src=\"https:\/\/anmpe.cl\/wp-content\/uploads\/2025\/11\/ANMPE2025-2027_02.png\" class=\"attachment-large size-large wp-post-image\" alt=\"\" srcset=\"https:\/\/anmpe.cl\/wp-content\/uploads\/2025\/11\/ANMPE2025-2027_02.png 1024w, https:\/\/anmpe.cl\/wp-content\/uploads\/2025\/11\/ANMPE2025-2027_02-300x300.png 300w, https:\/\/anmpe.cl\/wp-content\/uploads\/2025\/11\/ANMPE2025-2027_02-150x150.png 150w, https:\/\/anmpe.cl\/wp-content\/uploads\/2025\/11\/ANMPE2025-2027_02-768x768.png 768w\" sizes=\"auto, (max-width: 1024px) 100vw, 1024px\" \/><\/div>\n                    <div class=\"gpd-modal-text\">\n\n                        <h2 class=\"gpd-modal-title\">Macarena Cifuentes Bianchi<\/h2>\n                        <div class=\"gpd-modal-body\"><style>.kb-row-layout-id3327_8e4ab4-8b > .kt-row-column-wrap{align-content:start;}:where(.kb-row-layout-id3327_8e4ab4-8b > .kt-row-column-wrap) > .wp-block-kadence-column{justify-content:start;}.kb-row-layout-id3327_8e4ab4-8b > .kt-row-column-wrap{column-gap:var(--global-kb-gap-md, 2rem);row-gap:var(--global-kb-gap-md, 2rem);padding-top:var(--global-kb-spacing-sm, 1.5rem);padding-bottom:var(--global-kb-spacing-sm, 1.5rem);grid-template-columns:minmax(0, 1fr);}.kb-row-layout-id3327_8e4ab4-8b{border-top-left-radius:30px;border-top-right-radius:30px;border-bottom-right-radius:30px;border-bottom-left-radius:30px;overflow:clip;isolation:isolate;}.kb-row-layout-id3327_8e4ab4-8b > .kt-row-layout-overlay{border-top-left-radius:30px;border-top-right-radius:30px;border-bottom-right-radius:30px;border-bottom-left-radius:30px;}.kb-row-layout-id3327_8e4ab4-8b{box-shadow:0px 0px 14px 0px rgba(0, 0, 0, 0.2);}.kb-row-layout-id3327_8e4ab4-8b{background-color:#817f7f;}.kb-row-layout-id3327_8e4ab4-8b > .kt-row-layout-overlay{opacity:0.30;}@media all and (max-width: 1024px){.kb-row-layout-id3327_8e4ab4-8b > .kt-row-column-wrap{grid-template-columns:minmax(0, 1fr);}}@media all and (max-width: 767px){.kb-row-layout-id3327_8e4ab4-8b > .kt-row-column-wrap{grid-template-columns:minmax(0, 1fr);}}<\/style><div class=\"kb-row-layout-wrap kb-row-layout-id3327_8e4ab4-8b alignnone kt-row-has-bg wp-block-kadence-rowlayout\"><div class=\"kt-row-column-wrap kt-has-1-columns kt-row-layout-equal kt-tab-layout-inherit kt-mobile-layout-row kt-row-valign-top\">\n<style>.kadence-column3327_00de97-ea > .kt-inside-inner-col,.kadence-column3327_00de97-ea > .kt-inside-inner-col:before{border-top-left-radius:0px;border-top-right-radius:0px;border-bottom-right-radius:0px;border-bottom-left-radius:0px;}.kadence-column3327_00de97-ea > .kt-inside-inner-col{column-gap:var(--global-kb-gap-sm, 1rem);}.kadence-column3327_00de97-ea > .kt-inside-inner-col{flex-direction:column;}.kadence-column3327_00de97-ea > .kt-inside-inner-col > .aligncenter{width:100%;}.kadence-column3327_00de97-ea > .kt-inside-inner-col:before{opacity:0.3;}.kadence-column3327_00de97-ea{position:relative;}@media all and (max-width: 1024px){.kadence-column3327_00de97-ea > .kt-inside-inner-col{flex-direction:column;justify-content:center;}}@media all and (max-width: 767px){.kadence-column3327_00de97-ea > .kt-inside-inner-col{flex-direction:column;justify-content:center;}}<\/style>\n<div class=\"wp-block-kadence-column kadence-column3327_00de97-ea\"><div class=\"kt-inside-inner-col\">\n<p><strong>Vicepresidenta<\/strong><\/p>\n\n\n\n<p>Es periodista de la Universidad Nacional Andr\u00e9s Bello. Actualmente&nbsp; Directora de Expertiva Comunicaciones. A lo largo de su carrera ha volcado su experiencia y profesionalismo al \u00e1rea de la comunicaci\u00f3n estrat\u00e9gica en empresas p\u00fablicas, privadas y agencias.<\/p>\n\n\n\n<p>Fue reportera de la secci\u00f3n pol\u00edtica del diario La Segunda, donde destac\u00f3 con exclusivas y entretenidas entrevistas de la contingencia nacional.<\/p>\n\n\n\n<p>L\u00edder en diversos \u00e1mbitos, destacando su participaci\u00f3n gremial su grupo de posicionamiento&nbsp;del Foro de Comunicaciones Corporativas, Focco. Fue reconocida con el premio Esp\u00edritu Focco 2025<\/p>\n<\/div><\/div>\n\n<\/div><\/div><\/div>\n                    <\/div>\n                <\/div>\n            <\/div>\n        <\/div>\n                <div class=\"gpd-card\" data-modal-id=\"gpd-modal-3326\">\n            <div class=\"gpd-card-image\"><img loading=\"lazy\" decoding=\"async\" width=\"1024\" height=\"1024\" src=\"https:\/\/anmpe.cl\/wp-content\/uploads\/2025\/11\/ANMPE2025-2027_03.png\" class=\"attachment-large size-large wp-post-image\" alt=\"\" srcset=\"https:\/\/anmpe.cl\/wp-content\/uploads\/2025\/11\/ANMPE2025-2027_03.png 1024w, https:\/\/anmpe.cl\/wp-content\/uploads\/2025\/11\/ANMPE2025-2027_03-300x300.png 300w, https:\/\/anmpe.cl\/wp-content\/uploads\/2025\/11\/ANMPE2025-2027_03-150x150.png 150w, https:\/\/anmpe.cl\/wp-content\/uploads\/2025\/11\/ANMPE2025-2027_03-768x768.png 768w\" sizes=\"auto, (max-width: 1024px) 100vw, 1024px\" \/><\/div>\n            <div class=\"gpd-card-caption\">Maritza Blanco Vidal<\/div>\n        <\/div>\n        <div id=\"gpd-modal-3326\" class=\"gpd-modal\">\n            <div class=\"gpd-modal-content\">\n                <button class=\"gpd-modal-close\">&times;<\/button>\n                <div class=\"gpd-modal-inner\">\n                    <div class=\"gpd-modal-photo\"><img loading=\"lazy\" decoding=\"async\" width=\"1024\" height=\"1024\" src=\"https:\/\/anmpe.cl\/wp-content\/uploads\/2025\/11\/ANMPE2025-2027_03.png\" class=\"attachment-large size-large wp-post-image\" alt=\"\" srcset=\"https:\/\/anmpe.cl\/wp-content\/uploads\/2025\/11\/ANMPE2025-2027_03.png 1024w, https:\/\/anmpe.cl\/wp-content\/uploads\/2025\/11\/ANMPE2025-2027_03-300x300.png 300w, https:\/\/anmpe.cl\/wp-content\/uploads\/2025\/11\/ANMPE2025-2027_03-150x150.png 150w, https:\/\/anmpe.cl\/wp-content\/uploads\/2025\/11\/ANMPE2025-2027_03-768x768.png 768w\" sizes=\"auto, (max-width: 1024px) 100vw, 1024px\" \/><\/div>\n                    <div class=\"gpd-modal-text\">\n\n                        <h2 class=\"gpd-modal-title\">Maritza Blanco Vidal<\/h2>\n                        <div class=\"gpd-modal-body\"><style>.kb-row-layout-id3326_634f05-8f > .kt-row-column-wrap{align-content:start;}:where(.kb-row-layout-id3326_634f05-8f > .kt-row-column-wrap) > .wp-block-kadence-column{justify-content:start;}.kb-row-layout-id3326_634f05-8f > .kt-row-column-wrap{column-gap:var(--global-kb-gap-md, 2rem);row-gap:var(--global-kb-gap-md, 2rem);padding-top:var(--global-kb-spacing-sm, 1.5rem);padding-bottom:var(--global-kb-spacing-sm, 1.5rem);grid-template-columns:minmax(0, 1fr);}.kb-row-layout-id3326_634f05-8f{border-top-left-radius:30px;border-top-right-radius:30px;border-bottom-right-radius:30px;border-bottom-left-radius:30px;overflow:clip;isolation:isolate;}.kb-row-layout-id3326_634f05-8f > .kt-row-layout-overlay{border-top-left-radius:30px;border-top-right-radius:30px;border-bottom-right-radius:30px;border-bottom-left-radius:30px;}.kb-row-layout-id3326_634f05-8f{box-shadow:0px 0px 14px 0px rgba(0, 0, 0, 0.2);}.kb-row-layout-id3326_634f05-8f{background-color:#817f7f;}.kb-row-layout-id3326_634f05-8f > .kt-row-layout-overlay{opacity:0.30;}@media all and (max-width: 1024px){.kb-row-layout-id3326_634f05-8f > .kt-row-column-wrap{grid-template-columns:minmax(0, 1fr);}}@media all and (max-width: 767px){.kb-row-layout-id3326_634f05-8f > .kt-row-column-wrap{grid-template-columns:minmax(0, 1fr);}}<\/style><div class=\"kb-row-layout-wrap kb-row-layout-id3326_634f05-8f alignnone kt-row-has-bg wp-block-kadence-rowlayout\"><div class=\"kt-row-column-wrap kt-has-1-columns kt-row-layout-equal kt-tab-layout-inherit kt-mobile-layout-row kt-row-valign-top\">\n<style>.kadence-column3326_502c20-1d > .kt-inside-inner-col,.kadence-column3326_502c20-1d > .kt-inside-inner-col:before{border-top-left-radius:0px;border-top-right-radius:0px;border-bottom-right-radius:0px;border-bottom-left-radius:0px;}.kadence-column3326_502c20-1d > .kt-inside-inner-col{column-gap:var(--global-kb-gap-sm, 1rem);}.kadence-column3326_502c20-1d > .kt-inside-inner-col{flex-direction:column;}.kadence-column3326_502c20-1d > .kt-inside-inner-col > .aligncenter{width:100%;}.kadence-column3326_502c20-1d > .kt-inside-inner-col:before{opacity:0.3;}.kadence-column3326_502c20-1d{position:relative;}@media all and (max-width: 1024px){.kadence-column3326_502c20-1d > .kt-inside-inner-col{flex-direction:column;justify-content:center;}}@media all and (max-width: 767px){.kadence-column3326_502c20-1d > .kt-inside-inner-col{flex-direction:column;justify-content:center;}}<\/style>\n<div class=\"wp-block-kadence-column kadence-column3326_502c20-1d\"><div class=\"kt-inside-inner-col\">\n<p><strong>Tesorera<\/strong><\/p>\n\n\n\n<p>Es periodista, M\u00e1ster en Direcci\u00f3n de Comunicaciones Corporativas de la Universidad Aut\u00f3noma de Barcelona.<\/p>\n\n\n\n<p>Diplomada en Marketing y Responsabilidad Social de la Pontificia Universidad Cat\u00f3lica de Chile. Diplomada en Estrategias Pol\u00edticas y Pol\u00edticas P\u00fablicas por la Universidad de Chile, entre otros.<\/p>\n\n\n\n<p>Columnista en diversos medios, en temas de pol\u00edticas medioambientales y una fuerte vocaci\u00f3n regionalista.<\/p>\n\n\n\n<p>Con experiencia y especialidad en gesti\u00f3n de medios, desarrollo y edici\u00f3n de contenidos, vinculaci\u00f3n con el medio y docencia universitaria.<\/p>\n\n\n\n<p>Actualmente es Consultora en&nbsp;comunicaciones estrat\u00e9gicas y sostenibilidad, socia del Foro de Comunicaci\u00f3n Corporativa, Focco.<\/p>\n<\/div><\/div>\n\n<\/div><\/div><\/div>\n                    <\/div>\n                <\/div>\n            <\/div>\n        <\/div>\n                <div class=\"gpd-card\" data-modal-id=\"gpd-modal-3325\">\n            <div class=\"gpd-card-image\"><img loading=\"lazy\" decoding=\"async\" width=\"1024\" height=\"1024\" src=\"https:\/\/anmpe.cl\/wp-content\/uploads\/2025\/11\/ANMPE2025-2027_04.png\" class=\"attachment-large size-large wp-post-image\" alt=\"\" srcset=\"https:\/\/anmpe.cl\/wp-content\/uploads\/2025\/11\/ANMPE2025-2027_04.png 1024w, https:\/\/anmpe.cl\/wp-content\/uploads\/2025\/11\/ANMPE2025-2027_04-300x300.png 300w, https:\/\/anmpe.cl\/wp-content\/uploads\/2025\/11\/ANMPE2025-2027_04-150x150.png 150w, https:\/\/anmpe.cl\/wp-content\/uploads\/2025\/11\/ANMPE2025-2027_04-768x768.png 768w\" sizes=\"auto, (max-width: 1024px) 100vw, 1024px\" \/><\/div>\n            <div class=\"gpd-card-caption\">Carola Zu\u00f1iga<\/div>\n        <\/div>\n        <div id=\"gpd-modal-3325\" class=\"gpd-modal\">\n            <div class=\"gpd-modal-content\">\n                <button class=\"gpd-modal-close\">&times;<\/button>\n                <div class=\"gpd-modal-inner\">\n                    <div class=\"gpd-modal-photo\"><img loading=\"lazy\" decoding=\"async\" width=\"1024\" height=\"1024\" src=\"https:\/\/anmpe.cl\/wp-content\/uploads\/2025\/11\/ANMPE2025-2027_04.png\" class=\"attachment-large size-large wp-post-image\" alt=\"\" srcset=\"https:\/\/anmpe.cl\/wp-content\/uploads\/2025\/11\/ANMPE2025-2027_04.png 1024w, https:\/\/anmpe.cl\/wp-content\/uploads\/2025\/11\/ANMPE2025-2027_04-300x300.png 300w, https:\/\/anmpe.cl\/wp-content\/uploads\/2025\/11\/ANMPE2025-2027_04-150x150.png 150w, https:\/\/anmpe.cl\/wp-content\/uploads\/2025\/11\/ANMPE2025-2027_04-768x768.png 768w\" sizes=\"auto, (max-width: 1024px) 100vw, 1024px\" \/><\/div>\n                    <div class=\"gpd-modal-text\">\n\n                        <h2 class=\"gpd-modal-title\">Carola Zu\u00f1iga<\/h2>\n                        <div class=\"gpd-modal-body\"><style>.kb-row-layout-id3325_a4107a-34 > .kt-row-column-wrap{align-content:start;}:where(.kb-row-layout-id3325_a4107a-34 > .kt-row-column-wrap) > .wp-block-kadence-column{justify-content:start;}.kb-row-layout-id3325_a4107a-34 > .kt-row-column-wrap{column-gap:var(--global-kb-gap-md, 2rem);row-gap:var(--global-kb-gap-md, 2rem);padding-top:var(--global-kb-spacing-sm, 1.5rem);padding-bottom:var(--global-kb-spacing-sm, 1.5rem);grid-template-columns:minmax(0, 1fr);}.kb-row-layout-id3325_a4107a-34{border-top-left-radius:30px;border-top-right-radius:30px;border-bottom-right-radius:30px;border-bottom-left-radius:30px;overflow:clip;isolation:isolate;}.kb-row-layout-id3325_a4107a-34 > .kt-row-layout-overlay{border-top-left-radius:30px;border-top-right-radius:30px;border-bottom-right-radius:30px;border-bottom-left-radius:30px;}.kb-row-layout-id3325_a4107a-34{box-shadow:0px 0px 14px 0px rgba(0, 0, 0, 0.2);}.kb-row-layout-id3325_a4107a-34{background-color:#817f7f;}.kb-row-layout-id3325_a4107a-34 > .kt-row-layout-overlay{opacity:0.30;}@media all and (max-width: 1024px){.kb-row-layout-id3325_a4107a-34 > .kt-row-column-wrap{grid-template-columns:minmax(0, 1fr);}}@media all and (max-width: 767px){.kb-row-layout-id3325_a4107a-34 > .kt-row-column-wrap{grid-template-columns:minmax(0, 1fr);}}<\/style><div class=\"kb-row-layout-wrap kb-row-layout-id3325_a4107a-34 alignnone kt-row-has-bg wp-block-kadence-rowlayout\"><div class=\"kt-row-column-wrap kt-has-1-columns kt-row-layout-equal kt-tab-layout-inherit kt-mobile-layout-row kt-row-valign-top\">\n<style>.kadence-column3325_83d343-99 > .kt-inside-inner-col,.kadence-column3325_83d343-99 > .kt-inside-inner-col:before{border-top-left-radius:0px;border-top-right-radius:0px;border-bottom-right-radius:0px;border-bottom-left-radius:0px;}.kadence-column3325_83d343-99 > .kt-inside-inner-col{column-gap:var(--global-kb-gap-sm, 1rem);}.kadence-column3325_83d343-99 > .kt-inside-inner-col{flex-direction:column;}.kadence-column3325_83d343-99 > .kt-inside-inner-col > .aligncenter{width:100%;}.kadence-column3325_83d343-99 > .kt-inside-inner-col:before{opacity:0.3;}.kadence-column3325_83d343-99{position:relative;}@media all and (max-width: 1024px){.kadence-column3325_83d343-99 > .kt-inside-inner-col{flex-direction:column;justify-content:center;}}@media all and (max-width: 767px){.kadence-column3325_83d343-99 > .kt-inside-inner-col{flex-direction:column;justify-content:center;}}<\/style>\n<div class=\"wp-block-kadence-column kadence-column3325_83d343-99\"><div class=\"kt-inside-inner-col\">\n<p><strong>Directora Relaciones Internaciones<\/strong><\/p>\n\n\n\n<p>La periodista es una estratega nata de las comunicaciones y una conectora de mundos. Fundadora de Zeta Comunicaciones, ha impulsado proyectos que combinan visi\u00f3n, narrativa y prop\u00f3sito, siempre con una mirada global.<\/p>\n\n\n\n<p>Su trayectoria re\u00fane experiencia en organizaciones p\u00fablicas y privadas, trabajo internacional y un estilo colaborativo que abre puertas y construye redes duraderas. Forma parte de BOW G22, adem\u00e1s integra el Steering Committee del 30% Club.<\/p>\n\n\n\n<p>Con gran habilidad para leer contextos complejos y transformar ideas en acci\u00f3n, proyectando al gremio hacia una presencia m\u00e1s moderna, diversa y conectada con el mundo.<\/p>\n<\/div><\/div>\n\n<\/div><\/div><\/div>\n                    <\/div>\n                <\/div>\n            <\/div>\n        <\/div>\n                <div class=\"gpd-card\" data-modal-id=\"gpd-modal-3323\">\n            <div class=\"gpd-card-image\"><img loading=\"lazy\" decoding=\"async\" width=\"1024\" height=\"1024\" src=\"https:\/\/anmpe.cl\/wp-content\/uploads\/2025\/11\/ANMPE2025-2027_05.png\" class=\"attachment-large size-large wp-post-image\" alt=\"\" srcset=\"https:\/\/anmpe.cl\/wp-content\/uploads\/2025\/11\/ANMPE2025-2027_05.png 1024w, https:\/\/anmpe.cl\/wp-content\/uploads\/2025\/11\/ANMPE2025-2027_05-300x300.png 300w, https:\/\/anmpe.cl\/wp-content\/uploads\/2025\/11\/ANMPE2025-2027_05-150x150.png 150w, https:\/\/anmpe.cl\/wp-content\/uploads\/2025\/11\/ANMPE2025-2027_05-768x768.png 768w\" sizes=\"auto, (max-width: 1024px) 100vw, 1024px\" \/><\/div>\n            <div class=\"gpd-card-caption\">Sandra Zeballos G\u00f3mez<\/div>\n        <\/div>\n        <div id=\"gpd-modal-3323\" class=\"gpd-modal\">\n            <div class=\"gpd-modal-content\">\n                <button class=\"gpd-modal-close\">&times;<\/button>\n                <div class=\"gpd-modal-inner\">\n                    <div class=\"gpd-modal-photo\"><img loading=\"lazy\" decoding=\"async\" width=\"1024\" height=\"1024\" src=\"https:\/\/anmpe.cl\/wp-content\/uploads\/2025\/11\/ANMPE2025-2027_05.png\" class=\"attachment-large size-large wp-post-image\" alt=\"\" srcset=\"https:\/\/anmpe.cl\/wp-content\/uploads\/2025\/11\/ANMPE2025-2027_05.png 1024w, https:\/\/anmpe.cl\/wp-content\/uploads\/2025\/11\/ANMPE2025-2027_05-300x300.png 300w, https:\/\/anmpe.cl\/wp-content\/uploads\/2025\/11\/ANMPE2025-2027_05-150x150.png 150w, https:\/\/anmpe.cl\/wp-content\/uploads\/2025\/11\/ANMPE2025-2027_05-768x768.png 768w\" sizes=\"auto, (max-width: 1024px) 100vw, 1024px\" \/><\/div>\n                    <div class=\"gpd-modal-text\">\n\n                        <h2 class=\"gpd-modal-title\">Sandra Zeballos G\u00f3mez<\/h2>\n                        <div class=\"gpd-modal-body\"><style>.kb-row-layout-id3323_628da3-ff > .kt-row-column-wrap{align-content:start;}:where(.kb-row-layout-id3323_628da3-ff > .kt-row-column-wrap) > .wp-block-kadence-column{justify-content:start;}.kb-row-layout-id3323_628da3-ff > .kt-row-column-wrap{column-gap:var(--global-kb-gap-md, 2rem);row-gap:var(--global-kb-gap-md, 2rem);padding-top:var(--global-kb-spacing-sm, 1.5rem);padding-bottom:var(--global-kb-spacing-sm, 1.5rem);grid-template-columns:minmax(0, 1fr);}.kb-row-layout-id3323_628da3-ff{border-top-left-radius:30px;border-top-right-radius:30px;border-bottom-right-radius:30px;border-bottom-left-radius:30px;overflow:clip;isolation:isolate;}.kb-row-layout-id3323_628da3-ff > .kt-row-layout-overlay{border-top-left-radius:30px;border-top-right-radius:30px;border-bottom-right-radius:30px;border-bottom-left-radius:30px;}.kb-row-layout-id3323_628da3-ff{box-shadow:0px 0px 14px 0px rgba(0, 0, 0, 0.2);}.kb-row-layout-id3323_628da3-ff{background-color:#817f7f;}.kb-row-layout-id3323_628da3-ff > .kt-row-layout-overlay{opacity:0.30;}@media all and (max-width: 1024px){.kb-row-layout-id3323_628da3-ff > .kt-row-column-wrap{grid-template-columns:minmax(0, 1fr);}}@media all and (max-width: 767px){.kb-row-layout-id3323_628da3-ff > .kt-row-column-wrap{grid-template-columns:minmax(0, 1fr);}}<\/style><div class=\"kb-row-layout-wrap kb-row-layout-id3323_628da3-ff alignnone kt-row-has-bg wp-block-kadence-rowlayout\"><div class=\"kt-row-column-wrap kt-has-1-columns kt-row-layout-equal kt-tab-layout-inherit kt-mobile-layout-row kt-row-valign-top\">\n<style>.kadence-column3323_88abfc-19 > .kt-inside-inner-col,.kadence-column3323_88abfc-19 > .kt-inside-inner-col:before{border-top-left-radius:0px;border-top-right-radius:0px;border-bottom-right-radius:0px;border-bottom-left-radius:0px;}.kadence-column3323_88abfc-19 > .kt-inside-inner-col{column-gap:var(--global-kb-gap-sm, 1rem);}.kadence-column3323_88abfc-19 > .kt-inside-inner-col{flex-direction:column;}.kadence-column3323_88abfc-19 > .kt-inside-inner-col > .aligncenter{width:100%;}.kadence-column3323_88abfc-19 > .kt-inside-inner-col:before{opacity:0.3;}.kadence-column3323_88abfc-19{position:relative;}@media all and (max-width: 1024px){.kadence-column3323_88abfc-19 > .kt-inside-inner-col{flex-direction:column;justify-content:center;}}@media all and (max-width: 767px){.kadence-column3323_88abfc-19 > .kt-inside-inner-col{flex-direction:column;justify-content:center;}}<\/style>\n<div class=\"wp-block-kadence-column kadence-column3323_88abfc-19\"><div class=\"kt-inside-inner-col\">\n<p><strong>Directora<\/strong><\/p>\n\n\n\n<p>Es periodista y licenciada en Ciencias de la Comunicaci\u00f3n de la Universidad de La Serena.<\/p>\n\n\n\n<p>Experta en comunicaci\u00f3n radial, tras su incursi\u00f3n en las&nbsp; estaciones locales como Chilena y El Faro de la regi\u00f3n de Coquimbo, continu\u00f3 su carrera en la regi\u00f3n Metropolitana, convirti\u00e9ndose en una de las productora y voces radiales m\u00e1s reconocidas del pa\u00eds, trabajando en radioemisoras de alcance nacional, tales como Chilena, Cooperativa y ADN.<\/p>\n\n\n\n<p>Es miembro del Consejo Asesor del Festival Internacional de Cine de Lebu, certamen calificador de cortos para los premios \u00d3scar y Goya, del que tambi\u00e9n ha sido jurado.<\/p>\n\n\n\n<p>Tambi\u00e9n ha sido evaluadora en premios Pulsar (SCD), Caleuche (Chileactores), Luis Advis (Ministerio de las culturas, las artes y el patrimonio), Scottie Scott (SCD), Global Teacher Prize (Elige Educar) y Solve for tomorrow (Pa\u00eds Digital y Samsung).<\/p>\n\n\n\n<p>Actualmente es la directora de programas magazine y tendencias de ADN y conductora de transmisiones especiales y del programa matinal,&nbsp;Ciudadano&nbsp;ADN.<\/p>\n<\/div><\/div>\n\n<\/div><\/div><\/div>\n                    <\/div>\n                <\/div>\n            <\/div>\n        <\/div>\n                <div class=\"gpd-card\" data-modal-id=\"gpd-modal-3322\">\n            <div class=\"gpd-card-image\"><img loading=\"lazy\" decoding=\"async\" width=\"1024\" height=\"1024\" src=\"https:\/\/anmpe.cl\/wp-content\/uploads\/2025\/11\/ANMPE2025-2027_06.png\" class=\"attachment-large size-large wp-post-image\" alt=\"\" srcset=\"https:\/\/anmpe.cl\/wp-content\/uploads\/2025\/11\/ANMPE2025-2027_06.png 1024w, https:\/\/anmpe.cl\/wp-content\/uploads\/2025\/11\/ANMPE2025-2027_06-300x300.png 300w, https:\/\/anmpe.cl\/wp-content\/uploads\/2025\/11\/ANMPE2025-2027_06-150x150.png 150w, https:\/\/anmpe.cl\/wp-content\/uploads\/2025\/11\/ANMPE2025-2027_06-768x768.png 768w\" sizes=\"auto, (max-width: 1024px) 100vw, 1024px\" \/><\/div>\n            <div class=\"gpd-card-caption\">Catalina Palma Moraga<\/div>\n        <\/div>\n        <div id=\"gpd-modal-3322\" class=\"gpd-modal\">\n            <div class=\"gpd-modal-content\">\n                <button class=\"gpd-modal-close\">&times;<\/button>\n                <div class=\"gpd-modal-inner\">\n                    <div class=\"gpd-modal-photo\"><img loading=\"lazy\" decoding=\"async\" width=\"1024\" height=\"1024\" src=\"https:\/\/anmpe.cl\/wp-content\/uploads\/2025\/11\/ANMPE2025-2027_06.png\" class=\"attachment-large size-large wp-post-image\" alt=\"\" srcset=\"https:\/\/anmpe.cl\/wp-content\/uploads\/2025\/11\/ANMPE2025-2027_06.png 1024w, https:\/\/anmpe.cl\/wp-content\/uploads\/2025\/11\/ANMPE2025-2027_06-300x300.png 300w, https:\/\/anmpe.cl\/wp-content\/uploads\/2025\/11\/ANMPE2025-2027_06-150x150.png 150w, https:\/\/anmpe.cl\/wp-content\/uploads\/2025\/11\/ANMPE2025-2027_06-768x768.png 768w\" sizes=\"auto, (max-width: 1024px) 100vw, 1024px\" \/><\/div>\n                    <div class=\"gpd-modal-text\">\n\n                        <h2 class=\"gpd-modal-title\">Catalina Palma Moraga<\/h2>\n                        <div class=\"gpd-modal-body\"><style>.kb-row-layout-id3322_cbe46f-8e > .kt-row-column-wrap{align-content:start;}:where(.kb-row-layout-id3322_cbe46f-8e > .kt-row-column-wrap) > .wp-block-kadence-column{justify-content:start;}.kb-row-layout-id3322_cbe46f-8e > .kt-row-column-wrap{column-gap:var(--global-kb-gap-md, 2rem);row-gap:var(--global-kb-gap-md, 2rem);padding-top:var(--global-kb-spacing-sm, 1.5rem);padding-bottom:var(--global-kb-spacing-sm, 1.5rem);grid-template-columns:minmax(0, 1fr);}.kb-row-layout-id3322_cbe46f-8e{border-top-left-radius:30px;border-top-right-radius:30px;border-bottom-right-radius:30px;border-bottom-left-radius:30px;overflow:clip;isolation:isolate;}.kb-row-layout-id3322_cbe46f-8e > .kt-row-layout-overlay{border-top-left-radius:30px;border-top-right-radius:30px;border-bottom-right-radius:30px;border-bottom-left-radius:30px;}.kb-row-layout-id3322_cbe46f-8e{box-shadow:0px 0px 14px 0px rgba(0, 0, 0, 0.2);}.kb-row-layout-id3322_cbe46f-8e{background-color:#817f7f;}.kb-row-layout-id3322_cbe46f-8e > .kt-row-layout-overlay{opacity:0.30;}@media all and (max-width: 1024px){.kb-row-layout-id3322_cbe46f-8e > .kt-row-column-wrap{grid-template-columns:minmax(0, 1fr);}}@media all and (max-width: 767px){.kb-row-layout-id3322_cbe46f-8e > .kt-row-column-wrap{grid-template-columns:minmax(0, 1fr);}}<\/style><div class=\"kb-row-layout-wrap kb-row-layout-id3322_cbe46f-8e alignnone kt-row-has-bg wp-block-kadence-rowlayout\"><div class=\"kt-row-column-wrap kt-has-1-columns kt-row-layout-equal kt-tab-layout-inherit kt-mobile-layout-row kt-row-valign-top\">\n<style>.kadence-column3322_d3ff59-f0 > .kt-inside-inner-col,.kadence-column3322_d3ff59-f0 > .kt-inside-inner-col:before{border-top-left-radius:0px;border-top-right-radius:0px;border-bottom-right-radius:0px;border-bottom-left-radius:0px;}.kadence-column3322_d3ff59-f0 > .kt-inside-inner-col{column-gap:var(--global-kb-gap-sm, 1rem);}.kadence-column3322_d3ff59-f0 > .kt-inside-inner-col{flex-direction:column;}.kadence-column3322_d3ff59-f0 > .kt-inside-inner-col > .aligncenter{width:100%;}.kadence-column3322_d3ff59-f0 > .kt-inside-inner-col:before{opacity:0.3;}.kadence-column3322_d3ff59-f0{position:relative;}@media all and (max-width: 1024px){.kadence-column3322_d3ff59-f0 > .kt-inside-inner-col{flex-direction:column;justify-content:center;}}@media all and (max-width: 767px){.kadence-column3322_d3ff59-f0 > .kt-inside-inner-col{flex-direction:column;justify-content:center;}}<\/style>\n<div class=\"wp-block-kadence-column kadence-column3322_d3ff59-f0\"><div class=\"kt-inside-inner-col\">\n<p><strong>Directora<\/strong><\/p>\n\n\n\n<p>Es periodista de la Universidad Uniacc. Especialista en temas de ciencia, tecnolog\u00eda e innovaci\u00f3n, que informa de una manera l\u00fadica, r\u00e1pida y transversal para todo tipo de publico.<\/p>\n\n\n\n<p>Actualmente trabaja en Tele13 &#8211; Canal 13, conductora del programa \u00ab+100cia\u00bb y reportera de Cr\u00f3nica del noticiero central.<\/p>\n\n\n\n<p>Fue la primera mujer a nivel sudamericano en reportear en el Johnson Space Center de la NASA. Es Especialista STEM y tambi\u00e9n colabora en el suplemento \u00abTecnoLun\u00bb.<\/p>\n<\/div><\/div>\n\n<\/div><\/div><\/div>\n                    <\/div>\n                <\/div>\n            <\/div>\n        <\/div>\n                <div class=\"gpd-card\" data-modal-id=\"gpd-modal-3321\">\n            <div class=\"gpd-card-image\"><img loading=\"lazy\" decoding=\"async\" width=\"1024\" height=\"1024\" src=\"https:\/\/anmpe.cl\/wp-content\/uploads\/2025\/11\/ANMPE2025-2027_07.png\" class=\"attachment-large size-large wp-post-image\" alt=\"\" srcset=\"https:\/\/anmpe.cl\/wp-content\/uploads\/2025\/11\/ANMPE2025-2027_07.png 1024w, https:\/\/anmpe.cl\/wp-content\/uploads\/2025\/11\/ANMPE2025-2027_07-300x300.png 300w, https:\/\/anmpe.cl\/wp-content\/uploads\/2025\/11\/ANMPE2025-2027_07-150x150.png 150w, https:\/\/anmpe.cl\/wp-content\/uploads\/2025\/11\/ANMPE2025-2027_07-768x768.png 768w\" sizes=\"auto, (max-width: 1024px) 100vw, 1024px\" \/><\/div>\n            <div class=\"gpd-card-caption\">Lorena Talma Meneses<\/div>\n        <\/div>\n        <div id=\"gpd-modal-3321\" class=\"gpd-modal\">\n            <div class=\"gpd-modal-content\">\n                <button class=\"gpd-modal-close\">&times;<\/button>\n                <div class=\"gpd-modal-inner\">\n                    <div class=\"gpd-modal-photo\"><img loading=\"lazy\" decoding=\"async\" width=\"1024\" height=\"1024\" src=\"https:\/\/anmpe.cl\/wp-content\/uploads\/2025\/11\/ANMPE2025-2027_07.png\" class=\"attachment-large size-large wp-post-image\" alt=\"\" srcset=\"https:\/\/anmpe.cl\/wp-content\/uploads\/2025\/11\/ANMPE2025-2027_07.png 1024w, https:\/\/anmpe.cl\/wp-content\/uploads\/2025\/11\/ANMPE2025-2027_07-300x300.png 300w, https:\/\/anmpe.cl\/wp-content\/uploads\/2025\/11\/ANMPE2025-2027_07-150x150.png 150w, https:\/\/anmpe.cl\/wp-content\/uploads\/2025\/11\/ANMPE2025-2027_07-768x768.png 768w\" sizes=\"auto, (max-width: 1024px) 100vw, 1024px\" \/><\/div>\n                    <div class=\"gpd-modal-text\">\n\n                        <h2 class=\"gpd-modal-title\">Lorena Talma Meneses<\/h2>\n                        <div class=\"gpd-modal-body\"><style>.kb-row-layout-id3321_65a691-9c > .kt-row-column-wrap{align-content:start;}:where(.kb-row-layout-id3321_65a691-9c > .kt-row-column-wrap) > .wp-block-kadence-column{justify-content:start;}.kb-row-layout-id3321_65a691-9c > .kt-row-column-wrap{column-gap:var(--global-kb-gap-md, 2rem);row-gap:var(--global-kb-gap-md, 2rem);padding-top:var(--global-kb-spacing-sm, 1.5rem);padding-bottom:var(--global-kb-spacing-sm, 1.5rem);grid-template-columns:minmax(0, 1fr);}.kb-row-layout-id3321_65a691-9c{border-top-left-radius:30px;border-top-right-radius:30px;border-bottom-right-radius:30px;border-bottom-left-radius:30px;overflow:clip;isolation:isolate;}.kb-row-layout-id3321_65a691-9c > .kt-row-layout-overlay{border-top-left-radius:30px;border-top-right-radius:30px;border-bottom-right-radius:30px;border-bottom-left-radius:30px;}.kb-row-layout-id3321_65a691-9c{box-shadow:0px 0px 14px 0px rgba(0, 0, 0, 0.2);}.kb-row-layout-id3321_65a691-9c{background-color:#817f7f;}.kb-row-layout-id3321_65a691-9c > .kt-row-layout-overlay{opacity:0.30;}@media all and (max-width: 1024px){.kb-row-layout-id3321_65a691-9c > .kt-row-column-wrap{grid-template-columns:minmax(0, 1fr);}}@media all and (max-width: 767px){.kb-row-layout-id3321_65a691-9c > .kt-row-column-wrap{grid-template-columns:minmax(0, 1fr);}}<\/style><div class=\"kb-row-layout-wrap kb-row-layout-id3321_65a691-9c alignnone kt-row-has-bg wp-block-kadence-rowlayout\"><div class=\"kt-row-column-wrap kt-has-1-columns kt-row-layout-equal kt-tab-layout-inherit kt-mobile-layout-row kt-row-valign-top\">\n<style>.kadence-column3321_74f848-e5 > .kt-inside-inner-col,.kadence-column3321_74f848-e5 > .kt-inside-inner-col:before{border-top-left-radius:0px;border-top-right-radius:0px;border-bottom-right-radius:0px;border-bottom-left-radius:0px;}.kadence-column3321_74f848-e5 > .kt-inside-inner-col{column-gap:var(--global-kb-gap-sm, 1rem);}.kadence-column3321_74f848-e5 > .kt-inside-inner-col{flex-direction:column;}.kadence-column3321_74f848-e5 > .kt-inside-inner-col > .aligncenter{width:100%;}.kadence-column3321_74f848-e5 > .kt-inside-inner-col:before{opacity:0.3;}.kadence-column3321_74f848-e5{position:relative;}@media all and (max-width: 1024px){.kadence-column3321_74f848-e5 > .kt-inside-inner-col{flex-direction:column;justify-content:center;}}@media all and (max-width: 767px){.kadence-column3321_74f848-e5 > .kt-inside-inner-col{flex-direction:column;justify-content:center;}}<\/style>\n<div class=\"wp-block-kadence-column kadence-column3321_74f848-e5\"><div class=\"kt-inside-inner-col\">\n<p><strong>Directora<\/strong><\/p>\n\n\n\n<p>Es periodista de la Universidad Gabriela Mistral con m\u00e1s de 30 a\u00f1os de experiencia en medios, comunicaciones estrat\u00e9gicas, reputaci\u00f3n corporativa y sostenibilidad. Trabaj\u00f3 en los departamentos de prensa de TVN y La Red televisi\u00f3n.<\/p>\n\n\n\n<p>Experta en comunicaciones corporativas en el pa\u00eds, liderando equipos en IBM, Citigroup, y Scotiabank.<\/p>\n\n\n\n<p>Actualmente, y desde hace 12 a\u00f1os, es la gerente de comunicaciones corporativas de Arcos Dorados Chile \u2014McDonald\u2019s , donde ha sido clave para el posicionamiento de la compa\u00f1\u00eda como l\u00edder de la industria de comida r\u00e1pida, resaltando aspectos tales como su compromiso con temas de alimentaci\u00f3n, buenos h\u00e1bitos, temas regulatorios, rol e impacto en la comunidad, liderazgo e innovaci\u00f3n en la industria y el modelo de negocios, entre otros.<\/p>\n<\/div><\/div>\n\n<\/div><\/div><\/div>\n                    <\/div>\n                <\/div>\n            <\/div>\n        <\/div>\n                <div class=\"gpd-card\" data-modal-id=\"gpd-modal-3320\">\n            <div class=\"gpd-card-image\"><img loading=\"lazy\" decoding=\"async\" width=\"1024\" height=\"1024\" src=\"https:\/\/anmpe.cl\/wp-content\/uploads\/2025\/11\/ANMPE2025-2027_08.png\" class=\"attachment-large size-large wp-post-image\" alt=\"\" srcset=\"https:\/\/anmpe.cl\/wp-content\/uploads\/2025\/11\/ANMPE2025-2027_08.png 1024w, https:\/\/anmpe.cl\/wp-content\/uploads\/2025\/11\/ANMPE2025-2027_08-300x300.png 300w, https:\/\/anmpe.cl\/wp-content\/uploads\/2025\/11\/ANMPE2025-2027_08-150x150.png 150w, https:\/\/anmpe.cl\/wp-content\/uploads\/2025\/11\/ANMPE2025-2027_08-768x768.png 768w\" sizes=\"auto, (max-width: 1024px) 100vw, 1024px\" \/><\/div>\n            <div class=\"gpd-card-caption\">Pamela Morales Atala<\/div>\n        <\/div>\n        <div id=\"gpd-modal-3320\" class=\"gpd-modal\">\n            <div class=\"gpd-modal-content\">\n                <button class=\"gpd-modal-close\">&times;<\/button>\n                <div class=\"gpd-modal-inner\">\n                    <div class=\"gpd-modal-photo\"><img loading=\"lazy\" decoding=\"async\" width=\"1024\" height=\"1024\" src=\"https:\/\/anmpe.cl\/wp-content\/uploads\/2025\/11\/ANMPE2025-2027_08.png\" class=\"attachment-large size-large wp-post-image\" alt=\"\" srcset=\"https:\/\/anmpe.cl\/wp-content\/uploads\/2025\/11\/ANMPE2025-2027_08.png 1024w, https:\/\/anmpe.cl\/wp-content\/uploads\/2025\/11\/ANMPE2025-2027_08-300x300.png 300w, https:\/\/anmpe.cl\/wp-content\/uploads\/2025\/11\/ANMPE2025-2027_08-150x150.png 150w, https:\/\/anmpe.cl\/wp-content\/uploads\/2025\/11\/ANMPE2025-2027_08-768x768.png 768w\" sizes=\"auto, (max-width: 1024px) 100vw, 1024px\" \/><\/div>\n                    <div class=\"gpd-modal-text\">\n\n                        <h2 class=\"gpd-modal-title\">Pamela Morales Atala<\/h2>\n                        <div class=\"gpd-modal-body\"><style>.kb-row-layout-id3320_14b4d1-94 > .kt-row-column-wrap{align-content:start;}:where(.kb-row-layout-id3320_14b4d1-94 > .kt-row-column-wrap) > .wp-block-kadence-column{justify-content:start;}.kb-row-layout-id3320_14b4d1-94 > .kt-row-column-wrap{column-gap:var(--global-kb-gap-md, 2rem);row-gap:var(--global-kb-gap-md, 2rem);padding-top:var(--global-kb-spacing-sm, 1.5rem);padding-bottom:var(--global-kb-spacing-sm, 1.5rem);grid-template-columns:minmax(0, 1fr);}.kb-row-layout-id3320_14b4d1-94{border-top-left-radius:30px;border-top-right-radius:30px;border-bottom-right-radius:30px;border-bottom-left-radius:30px;overflow:clip;isolation:isolate;}.kb-row-layout-id3320_14b4d1-94 > .kt-row-layout-overlay{border-top-left-radius:30px;border-top-right-radius:30px;border-bottom-right-radius:30px;border-bottom-left-radius:30px;}.kb-row-layout-id3320_14b4d1-94{box-shadow:0px 0px 14px 0px rgba(0, 0, 0, 0.2);}.kb-row-layout-id3320_14b4d1-94{background-color:#817f7f;}.kb-row-layout-id3320_14b4d1-94 > .kt-row-layout-overlay{opacity:0.30;}@media all and (max-width: 1024px){.kb-row-layout-id3320_14b4d1-94 > .kt-row-column-wrap{grid-template-columns:minmax(0, 1fr);}}@media all and (max-width: 767px){.kb-row-layout-id3320_14b4d1-94 > .kt-row-column-wrap{grid-template-columns:minmax(0, 1fr);}}<\/style><div class=\"kb-row-layout-wrap kb-row-layout-id3320_14b4d1-94 alignnone kt-row-has-bg wp-block-kadence-rowlayout\"><div class=\"kt-row-column-wrap kt-has-1-columns kt-row-layout-equal kt-tab-layout-inherit kt-mobile-layout-row kt-row-valign-top\">\n<style>.kadence-column3320_e9cd6c-7c > .kt-inside-inner-col,.kadence-column3320_e9cd6c-7c > .kt-inside-inner-col:before{border-top-left-radius:0px;border-top-right-radius:0px;border-bottom-right-radius:0px;border-bottom-left-radius:0px;}.kadence-column3320_e9cd6c-7c > .kt-inside-inner-col{column-gap:var(--global-kb-gap-sm, 1rem);}.kadence-column3320_e9cd6c-7c > .kt-inside-inner-col{flex-direction:column;}.kadence-column3320_e9cd6c-7c > .kt-inside-inner-col > .aligncenter{width:100%;}.kadence-column3320_e9cd6c-7c > .kt-inside-inner-col:before{opacity:0.3;}.kadence-column3320_e9cd6c-7c{position:relative;}@media all and (max-width: 1024px){.kadence-column3320_e9cd6c-7c > .kt-inside-inner-col{flex-direction:column;justify-content:center;}}@media all and (max-width: 767px){.kadence-column3320_e9cd6c-7c > .kt-inside-inner-col{flex-direction:column;justify-content:center;}}<\/style>\n<div class=\"wp-block-kadence-column kadence-column3320_e9cd6c-7c\"><div class=\"kt-inside-inner-col\">\n<p><strong>Directora<\/strong><\/p>\n\n\n\n<p>Es periodista de la Universidad del Desarrollo. Actualmente Directora Ejecutiva de Agencia Moral Comunicaciones y consultora de comunicaciones, tanto en el \u00e1mbito p\u00fablico como en el privado.<\/p>\n\n\n\n<p>Con amplia experiencia como reportera, especializada en temas de ciencia y salud. Trabaj\u00f3 en varias radios en Santiago y canales nacionales como La Red, parte del equipo fundador de Medianoche en TVN.<\/p>\n\n\n\n<p>Integrante del Nodo de Comunicaciones del Foro Nacional del C\u00e1ncer, hoy Fundaci\u00f3n, encabezado por el Dr, Jorge Jim\u00e9nez de la Jara. Desde ah\u00ed, moviliz\u00f3 las gestiones ejecutivas y tambi\u00e9n ante el congreso nacional, para lograr la aprobaci\u00f3n de la Ley de C\u00e1ncer que se hizo posible a\u00f1os despu\u00e9s.<\/p>\n\n\n\n<p>Desde la gesti\u00f3n comunicacional y de pol\u00edticas p\u00fablicas, desarroll\u00f3 infinidad de proyectos con la sociedad civil en el \u00e1mbito de la salud, para incorporarse luego a trabajar y asesorar empresas privadas en temas de Medio Ambiente, como la compa\u00f1\u00eda multinacional Stericycle.<\/p>\n\n\n\n<p>Fue jefa de Comunicaciones del Ministerio de Desarrollo Social el a\u00f1o 2020, en plena pandemia.<\/p>\n<\/div><\/div>\n\n<\/div><\/div><\/div>\n                    <\/div>\n                <\/div>\n            <\/div>\n        <\/div>\n                <div class=\"gpd-card\" data-modal-id=\"gpd-modal-3316\">\n            <div class=\"gpd-card-image\"><img loading=\"lazy\" decoding=\"async\" width=\"1024\" height=\"1024\" src=\"https:\/\/anmpe.cl\/wp-content\/uploads\/2025\/11\/ANMPE2025-2027_09.png\" class=\"attachment-large size-large wp-post-image\" alt=\"\" srcset=\"https:\/\/anmpe.cl\/wp-content\/uploads\/2025\/11\/ANMPE2025-2027_09.png 1024w, https:\/\/anmpe.cl\/wp-content\/uploads\/2025\/11\/ANMPE2025-2027_09-300x300.png 300w, https:\/\/anmpe.cl\/wp-content\/uploads\/2025\/11\/ANMPE2025-2027_09-150x150.png 150w, https:\/\/anmpe.cl\/wp-content\/uploads\/2025\/11\/ANMPE2025-2027_09-768x768.png 768w\" sizes=\"auto, (max-width: 1024px) 100vw, 1024px\" \/><\/div>\n            <div class=\"gpd-card-caption\">Constanza T\u00e9llez Rom\u00e1n<\/div>\n        <\/div>\n        <div id=\"gpd-modal-3316\" class=\"gpd-modal\">\n            <div class=\"gpd-modal-content\">\n                <button class=\"gpd-modal-close\">&times;<\/button>\n                <div class=\"gpd-modal-inner\">\n                    <div class=\"gpd-modal-photo\"><img loading=\"lazy\" decoding=\"async\" width=\"1024\" height=\"1024\" src=\"https:\/\/anmpe.cl\/wp-content\/uploads\/2025\/11\/ANMPE2025-2027_09.png\" class=\"attachment-large size-large wp-post-image\" alt=\"\" srcset=\"https:\/\/anmpe.cl\/wp-content\/uploads\/2025\/11\/ANMPE2025-2027_09.png 1024w, https:\/\/anmpe.cl\/wp-content\/uploads\/2025\/11\/ANMPE2025-2027_09-300x300.png 300w, https:\/\/anmpe.cl\/wp-content\/uploads\/2025\/11\/ANMPE2025-2027_09-150x150.png 150w, https:\/\/anmpe.cl\/wp-content\/uploads\/2025\/11\/ANMPE2025-2027_09-768x768.png 768w\" sizes=\"auto, (max-width: 1024px) 100vw, 1024px\" \/><\/div>\n                    <div class=\"gpd-modal-text\">\n\n                        <h2 class=\"gpd-modal-title\">Constanza T\u00e9llez Rom\u00e1n<\/h2>\n                        <div class=\"gpd-modal-body\"><style>.kb-row-layout-id3316_451f62-24 > .kt-row-column-wrap{align-content:start;}:where(.kb-row-layout-id3316_451f62-24 > .kt-row-column-wrap) > .wp-block-kadence-column{justify-content:start;}.kb-row-layout-id3316_451f62-24 > .kt-row-column-wrap{column-gap:var(--global-kb-gap-md, 2rem);row-gap:var(--global-kb-gap-md, 2rem);padding-top:var(--global-kb-spacing-sm, 1.5rem);padding-bottom:var(--global-kb-spacing-sm, 1.5rem);grid-template-columns:minmax(0, 1fr);}.kb-row-layout-id3316_451f62-24{border-top-left-radius:30px;border-top-right-radius:30px;border-bottom-right-radius:30px;border-bottom-left-radius:30px;overflow:clip;isolation:isolate;}.kb-row-layout-id3316_451f62-24 > .kt-row-layout-overlay{border-top-left-radius:30px;border-top-right-radius:30px;border-bottom-right-radius:30px;border-bottom-left-radius:30px;}.kb-row-layout-id3316_451f62-24{box-shadow:0px 0px 14px 0px rgba(0, 0, 0, 0.2);}.kb-row-layout-id3316_451f62-24{background-color:#817f7f;}.kb-row-layout-id3316_451f62-24 > .kt-row-layout-overlay{opacity:0.30;}@media all and (max-width: 1024px){.kb-row-layout-id3316_451f62-24 > .kt-row-column-wrap{grid-template-columns:minmax(0, 1fr);}}@media all and (max-width: 767px){.kb-row-layout-id3316_451f62-24 > .kt-row-column-wrap{grid-template-columns:minmax(0, 1fr);}}<\/style><div class=\"kb-row-layout-wrap kb-row-layout-id3316_451f62-24 alignnone kt-row-has-bg wp-block-kadence-rowlayout\"><div class=\"kt-row-column-wrap kt-has-1-columns kt-row-layout-equal kt-tab-layout-inherit kt-mobile-layout-row kt-row-valign-top\">\n<style>.kadence-column3316_31b371-6a > .kt-inside-inner-col,.kadence-column3316_31b371-6a > .kt-inside-inner-col:before{border-top-left-radius:0px;border-top-right-radius:0px;border-bottom-right-radius:0px;border-bottom-left-radius:0px;}.kadence-column3316_31b371-6a > .kt-inside-inner-col{column-gap:var(--global-kb-gap-sm, 1rem);}.kadence-column3316_31b371-6a > .kt-inside-inner-col{flex-direction:column;}.kadence-column3316_31b371-6a > .kt-inside-inner-col > .aligncenter{width:100%;}.kadence-column3316_31b371-6a > .kt-inside-inner-col:before{opacity:0.3;}.kadence-column3316_31b371-6a{position:relative;}@media all and (max-width: 1024px){.kadence-column3316_31b371-6a > .kt-inside-inner-col{flex-direction:column;justify-content:center;}}@media all and (max-width: 767px){.kadence-column3316_31b371-6a > .kt-inside-inner-col{flex-direction:column;justify-content:center;}}<\/style>\n<div class=\"wp-block-kadence-column kadence-column3316_31b371-6a\"><div class=\"kt-inside-inner-col\">\n<p><strong>Directora<\/strong><\/p>\n\n\n\n<p>Periodista de la Universidad Gabriela Mistral y mag\u00edster en Comunicaci\u00f3n Estrat\u00e9gica por la Pontificia Universidad Cat\u00f3lica, Advanced Management Program ESE Universidad de los Andes.<\/p>\n\n\n\n<p>Posgrado en Marketing Digital de la Universidad de Berkeley y programa de Comunicaci\u00f3n Estrat\u00e9gica y Pol\u00edtica UAI\/ U. GEORGETOWN.<\/p>\n\n\n\n<p>Actualmente es conductora de los programas \u00abShow Me The Money\u00bb de radio La Metro FM 95.9 y del programa \u201cNada Cambiar\u00e1\u201d de TV+.<\/p>\n\n\n\n<p>A lo largo de su carrera ha ejercido como gerente de comunicaci\u00f3n corporativa en grandes empresas, especialmente del sector financiero.<\/p>\n\n\n\n<p>En el \u00e1mbito acad\u00e9mico ha sido docente en la carrera de periodismo de la Universidad Gabriela Mistral y de&nbsp; postgrados&nbsp;de&nbsp;la&nbsp;Universidad de Santiago de Chile, USACH.<\/p>\n<\/div><\/div>\n\n<\/div><\/div><\/div>\n                    <\/div>\n                <\/div>\n            <\/div>\n        <\/div>\n                <\/div>\n        \n<\/div><\/div>\n\n<\/div><\/div>","protected":false},"excerpt":{"rendered":"<p>El directorio de la Asociaci\u00f3n Nacional de Mujeres Periodistas (ANMPE) asumi\u00f3 sus funciones en octubre de 2025 y su mandato se extender\u00e1 hasta septiembre de 2027. La mesa directiva est\u00e1 formada por:<\/p>\n","protected":false},"author":1,"featured_media":0,"parent":0,"menu_order":0,"comment_status":"closed","ping_status":"closed","template":"","meta":{"_kadence_starter_templates_imported_post":false,"_kad_post_transparent":"","_kad_post_title":"","_kad_post_layout":"","_kad_post_sidebar_id":"","_kad_post_content_style":"","_kad_post_vertical_padding":"","_kad_post_feature":"","_kad_post_feature_position":"","_kad_post_header":false,"_kad_post_footer":false,"footnotes":""},"class_list":["post-3292","page","type-page","status-publish","hentry"],"_links":{"self":[{"href":"https:\/\/anmpe.cl\/index.php\/wp-json\/wp\/v2\/pages\/3292","targetHints":{"allow":["GET"]}}],"collection":[{"href":"https:\/\/anmpe.cl\/index.php\/wp-json\/wp\/v2\/pages"}],"about":[{"href":"https:\/\/anmpe.cl\/index.php\/wp-json\/wp\/v2\/types\/page"}],"author":[{"embeddable":true,"href":"https:\/\/anmpe.cl\/index.php\/wp-json\/wp\/v2\/users\/1"}],"replies":[{"embeddable":true,"href":"https:\/\/anmpe.cl\/index.php\/wp-json\/wp\/v2\/comments?post=3292"}],"version-history":[{"count":4,"href":"https:\/\/anmpe.cl\/index.php\/wp-json\/wp\/v2\/pages\/3292\/revisions"}],"predecessor-version":[{"id":3346,"href":"https:\/\/anmpe.cl\/index.php\/wp-json\/wp\/v2\/pages\/3292\/revisions\/3346"}],"wp:attachment":[{"href":"https:\/\/anmpe.cl\/index.php\/wp-json\/wp\/v2\/media?parent=3292"}],"curies":[{"name":"wp","href":"https:\/\/api.w.org\/{rel}","templated":true}]}}